{"id":2343,"date":"2015-04-21T12:39:06","date_gmt":"2015-04-21T10:39:06","guid":{"rendered":"https:\/\/www.masvinyoles.org\/appartements\/"},"modified":"2023-08-20T18:34:29","modified_gmt":"2023-08-20T16:34:29","slug":"appartements","status":"publish","type":"page","link":"https:\/\/www.masvinyoles.org\/fr\/appartements\/","title":{"rendered":"Appartements"},"content":{"rendered":"<p>[vc_row][vc_column][vc_tta_accordion style=\u00a0\u00bbflat\u00a0\u00bb shape=\u00a0\u00bbsquare\u00a0\u00bb color=\u00a0\u00bbviolet\u00a0\u00bb gap=\u00a0\u00bb20&Prime; active_section=\u00a0\u00bb1&Prime; no_fill=\u00a0\u00bbtrue\u00a0\u00bb collapsible_all=\u00a0\u00bbtrue\u00a0\u00bb][vc_tta_section tab_id=\u00a0\u00bballotjament-4-persones\u00a0\u00bb title=\u00a0\u00bbH\u00e9bergement 4 personnes (PG-503)\u00a0\u00bb][vc_row_inner el_class=\u00a0\u00bbsense-marge-inferior\u00a0\u00bb][vc_column_inner el_class=\u00a0\u00bballotjament-text-acordio\u00a0\u00bb width=\u00a0\u00bb1\/2&Prime;][vc_column_text]<\/p>\n<h2>Mas Vinyoles I<\/h2>\n<p>L\u2019h\u00e9bergement pour 4 personnes comprend:<\/p>\n<ul>\n<li>Deux chambres<\/li>\n<li>Deux salles de bain<\/li>\n<li>Cuisine-salle \u00e0 manger<\/li>\n<li>Salle de s\u00e9jour<\/li>\n<li>Petit salon avec chemin\u00e9e<\/li>\n<\/ul>\n<p>&nbsp;<br \/>\n[\/vc_column_text][\/vc_column_inner][vc_column_inner width=\u00a0\u00bb1\/2&Prime; enable_animation=\u00a0\u00bbtrue\u00a0\u00bb animation=\u00a0\u00bbflipInX\u00a0\u00bb centered_cont=\u00a0\u00bbtrue\u00a0\u00bb centered_cont_vertical=\u00a0\u00bbtrue\u00a0\u00bb column_padding=\u00a0\u00bb25px\u00a0\u00bb background_color=\u00a0\u00bb#ffff98&Prime; css=\u00a0\u00bb.vc_custom_1442227864423{margin-top: 10px !important;margin-bottom: 15px !important;padding-top: 25px !important;padding-right: 25px !important;padding-bottom: 25px !important;padding-left: 25px !important;background-color: #ffff98 !important;}\u00a0\u00bb delay=\u00a0\u00bb200&Prime;][vc_column_text css=\u00a0\u00bb.vc_custom_1642613122820{margin-bottom: 15px !important;}\u00a0\u00bb]<\/p>\n<h5 style=\"text-align: center;\"><b>Explorez<\/b> l\u2019int\u00e9rieur de l\u2019appartement.<\/h5>\n<p>[\/vc_column_text][vc_btn title=\u00a0\u00bbVIRTUAL TOUR\u00a0\u00bb style=\u00a0\u00bbclassic\u00a0\u00bb shape=\u00a0\u00bbsquare\u00a0\u00bb color=\u00a0\u00bbviolet\u00a0\u00bb align=\u00a0\u00bbcenter\u00a0\u00bb i_icon_fontawesome=\u00a0\u00bbfas fa-eye\u00a0\u00bb add_icon=\u00a0\u00bbtrue\u00a0\u00bb link=\u00a0\u00bburl:https%3A%2F%2Fwww.masvinyoles.org%2Ffr%2Ftour-virtual-exterior%2Ftour-virtual-4p%2F|title:Virtual%20Tour%204P|\u00a0\u00bb][\/vc_column_inner][\/vc_row_inner][vc_row_inner][vc_column_inner][vc_media_grid style=\u00a0\u00bbpagination\u00a0\u00bb items_per_page=\u00a0\u00bb8&Prime; element_width=\u00a0\u00bb3&Prime; arrows_design=\u00a0\u00bbvc_arrow-icon-arrow_01_left\u00a0\u00bb arrows_position=\u00a0\u00bboutside\u00a0\u00bb arrows_color=\u00a0\u00bbsandy_brown\u00a0\u00bb paging_color=\u00a0\u00bborange\u00a0\u00bb loop=\u00a0\u00bbyes\u00a0\u00bb item=\u00a0\u00bb1278&Prime; filter_size=\u00a0\u00bbmd\u00a0\u00bb include=\u00a0\u00bb1665,1677,1685,1669,1673,1681,1689,1693,1697,1701,1637,1641,1645,1649,1653,1705,1633,2834,2824,2739,2774,2724,2884,2754&Prime; paging_animation_in=\u00a0\u00bbnone\u00a0\u00bb grid_id=\u00a0\u00bbvc_gid:1692547994564-85aaacfb-654d-8&Prime;][\/vc_column_inner][\/vc_row_inner][\/vc_tta_section][vc_tta_section title=\u00a0\u00bbH\u00e9bergement 6 personnes (PG-502)\u00a0\u00bb tab_id=\u00a0\u00bballotjament-6-persones\u00a0\u00bb][vc_row_inner el_class=\u00a0\u00bbsense-marge-inferior\u00a0\u00bb][vc_column_inner el_class=\u00a0\u00bballotjament-text-acordio\u00a0\u00bb width=\u00a0\u00bb1\/2&Prime;][vc_column_text]<\/p>\n<h2>Mas Vinyoles II<\/h2>\n<p>L\u2019h\u00e9bergement pour 6 personnes comprend:<\/p>\n<ul>\n<li>Trois chambres<\/li>\n<li>Deux salles de bain<\/li>\n<li>Cuisine-salle \u00e0 manger<\/li>\n<li>S\u00e9jour avec chemin\u00e9e<\/li>\n<li>Porche ext\u00e9rieur<\/li>\n<\/ul>\n<p>&nbsp;<br \/>\n[\/vc_column_text][\/vc_column_inner][vc_column_inner width=\u00a0\u00bb1\/2&Prime; centered_cont=\u00a0\u00bbtrue\u00a0\u00bb centered_cont_vertical=\u00a0\u00bbtrue\u00a0\u00bb background_color=\u00a0\u00bb#ffff98&Prime; css=\u00a0\u00bb.vc_custom_1442080771369{margin-top: 10px !important;margin-bottom: 15px !important;padding-top: 25px !important;padding-right: 25px !important;padding-bottom: 25px !important;padding-left: 25px !important;background-color: #ffff98 !important;}\u00a0\u00bb][vc_column_text css=\u00a0\u00bb.vc_custom_1642613122820{margin-bottom: 15px !important;}\u00a0\u00bb]<\/p>\n<h5 style=\"text-align: center;\"><b>Explorez<\/b> l\u2019int\u00e9rieur de l\u2019appartement.<\/h5>\n<p>[\/vc_column_text][vc_btn title=\u00a0\u00bbVIRTUAL TOUR\u00a0\u00bb style=\u00a0\u00bbclassic\u00a0\u00bb shape=\u00a0\u00bbsquare\u00a0\u00bb color=\u00a0\u00bbviolet\u00a0\u00bb align=\u00a0\u00bbcenter\u00a0\u00bb i_icon_fontawesome=\u00a0\u00bbfas fa-eye\u00a0\u00bb add_icon=\u00a0\u00bbtrue\u00a0\u00bb link=\u00a0\u00bburl:https%3A%2F%2Fwww.masvinyoles.org%2Ffr%2Ftour-virtual-exterior%2Ftour-virtual-6p%2F|title:Virtual%20Tour%206P|\u00a0\u00bb][\/vc_column_inner][\/vc_row_inner][vc_row_inner][vc_column_inner][vc_media_grid style=\u00a0\u00bbpagination\u00a0\u00bb items_per_page=\u00a0\u00bb8&Prime; element_width=\u00a0\u00bb3&Prime; arrows_design=\u00a0\u00bbvc_arrow-icon-arrow_01_left\u00a0\u00bb arrows_position=\u00a0\u00bboutside\u00a0\u00bb arrows_color=\u00a0\u00bbsandy_brown\u00a0\u00bb paging_color=\u00a0\u00bborange\u00a0\u00bb loop=\u00a0\u00bbyes\u00a0\u00bb item=\u00a0\u00bb1278&Prime; filter_size=\u00a0\u00bbmd\u00a0\u00bb include=\u00a0\u00bb1709,1717,1721,1725,1729,1733,1737,1741,1745,1749,1761,1765,1769,1773,1777,1781,1757,1753,1785,1713,1789,1797&Prime; paging_animation_in=\u00a0\u00bbnone\u00a0\u00bb grid_id=\u00a0\u00bbvc_gid:1692547994634-64a7c42f-62e6-8&Prime;][\/vc_column_inner][\/vc_row_inner][\/vc_tta_section][\/vc_tta_accordion][\/vc_column][\/vc_row]<\/p>\n","protected":false},"excerpt":{"rendered":"<p>[vc_row][vc_column][vc_tta_accordion style=\u00a0\u00bbflat\u00a0\u00bb shape=\u00a0\u00bbsquare\u00a0\u00bb color=\u00a0\u00bbviolet\u00a0\u00bb gap=\u00a0\u00bb20&Prime; active_section=\u00a0\u00bb1&Prime; no_fill=\u00a0\u00bbtrue\u00a0\u00bb collapsible_all=\u00a0\u00bbtrue\u00a0\u00bb][vc_tta_section tab_id=\u00a0\u00bballotjament-4-persones\u00a0\u00bb title=\u00a0\u00bbH\u00e9bergement 4 personnes (PG-503)\u00a0\u00bb][vc_row_inner el_class=\u00a0\u00bbsense-marge-inferior\u00a0\u00bb][vc_column_inner el_class=\u00a0\u00bballotjament-text-acordio\u00a0\u00bb width=\u00a0\u00bb1\/2&Prime;][vc_column_text] Mas Vinyoles I L\u2019h\u00e9bergement pour 4 personnes comprend: Deux chambres Deux salles de bain Cuisine-salle \u00e0 manger Salle de s\u00e9jour Petit salon avec chemin\u00e9e &nbsp; [\/vc_column_text][\/vc_column_inner][vc_column_inner width=\u00a0\u00bb1\/2&Prime; enable_animation=\u00a0\u00bbtrue\u00a0\u00bb animation=\u00a0\u00bbflipInX\u00a0\u00bb centered_cont=\u00a0\u00bbtrue\u00a0\u00bb centered_cont_vertical=\u00a0\u00bbtrue\u00a0\u00bb column_padding=\u00a0\u00bb25px\u00a0\u00bb background_color=\u00a0\u00bb#ffff98&Prime; css=\u00a0\u00bb.vc_custom_1442227864423{margin-top: 10px !important;margin-bottom: 15px !important;padding-top: 25px [&hellip;]<\/p>\n","protected":false},"author":1,"featured_media":1709,"parent":0,"menu_order":10,"comment_status":"open","ping_status":"open","template":"","meta":[],"yoast_head":"<!-- This site is optimized with the Yoast SEO plugin v19.13 - https:\/\/yoast.com\/wordpress\/plugins\/seo\/ -->\n<title>Appartements | Mas Vinyoles<\/title>\n<meta name=\"robots\" content=\"index, follow, max-snippet:-1, max-image-preview:large, max-video-preview:-1\" \/>\n<link rel=\"canonical\" href=\"https:\/\/www.masvinyoles.org\/fr\/appartements\/\" \/>\n<meta property=\"og:locale\" content=\"fr_FR\" \/>\n<meta property=\"og:type\" content=\"article\" \/>\n<meta property=\"og:title\" content=\"Appartements | Mas Vinyoles\" \/>\n<meta property=\"og:description\" content=\"[vc_row][vc_column][vc_tta_accordion style=\u00a0\u00bbflat\u00a0\u00bb shape=\u00a0\u00bbsquare\u00a0\u00bb color=\u00a0\u00bbviolet\u00a0\u00bb gap=\u00a0\u00bb20&Prime; active_section=\u00a0\u00bb1&Prime; no_fill=\u00a0\u00bbtrue\u00a0\u00bb collapsible_all=\u00a0\u00bbtrue\u00a0\u00bb][vc_tta_section tab_id=\u00a0\u00bballotjament-4-persones\u00a0\u00bb title=\u00a0\u00bbH\u00e9bergement 4 personnes (PG-503)\u00a0\u00bb][vc_row_inner el_class=\u00a0\u00bbsense-marge-inferior\u00a0\u00bb][vc_column_inner el_class=\u00a0\u00bballotjament-text-acordio\u00a0\u00bb width=\u00a0\u00bb1\/2&Prime;][vc_column_text] Mas Vinyoles I L\u2019h\u00e9bergement pour 4 personnes comprend: Deux chambres Deux salles de bain Cuisine-salle \u00e0 manger Salle de s\u00e9jour Petit salon avec chemin\u00e9e &nbsp; [\/vc_column_text][\/vc_column_inner][vc_column_inner width=\u00a0\u00bb1\/2&Prime; enable_animation=\u00a0\u00bbtrue\u00a0\u00bb animation=\u00a0\u00bbflipInX\u00a0\u00bb centered_cont=\u00a0\u00bbtrue\u00a0\u00bb centered_cont_vertical=\u00a0\u00bbtrue\u00a0\u00bb column_padding=\u00a0\u00bb25px\u00a0\u00bb background_color=\u00a0\u00bb#ffff98&Prime; css=\u00a0\u00bb.vc_custom_1442227864423{margin-top: 10px !important;margin-bottom: 15px !important;padding-top: 25px [&hellip;]\" \/>\n<meta property=\"og:url\" content=\"https:\/\/www.masvinyoles.org\/fr\/appartements\/\" \/>\n<meta property=\"og:site_name\" content=\"Mas Vinyoles\" \/>\n<meta property=\"article:modified_time\" content=\"2023-08-20T16:34:29+00:00\" \/>\n<meta property=\"og:image\" content=\"https:\/\/www.masvinyoles.org\/wp-content\/uploads\/2015\/04\/Allotjament-casa-inferior-6p-pano.jpg\" \/>\n\t<meta property=\"og:image:width\" content=\"1500\" \/>\n\t<meta property=\"og:image:height\" content=\"687\" \/>\n\t<meta property=\"og:image:type\" content=\"image\/jpeg\" \/>\n<meta name=\"twitter:card\" content=\"summary_large_image\" \/>\n<meta name=\"twitter:label1\" content=\"Dur\u00e9e de lecture estim\u00e9e\" \/>\n\t<meta name=\"twitter:data1\" content=\"2 minutes\" \/>\n<script type=\"application\/ld+json\" class=\"yoast-schema-graph\">{\"@context\":\"https:\/\/schema.org\",\"@graph\":[{\"@type\":\"WebPage\",\"@id\":\"https:\/\/www.masvinyoles.org\/fr\/appartements\/\",\"url\":\"https:\/\/www.masvinyoles.org\/fr\/appartements\/\",\"name\":\"Appartements | Mas Vinyoles\",\"isPartOf\":{\"@id\":\"https:\/\/www.masvinyoles.org\/#website\"},\"datePublished\":\"2015-04-21T10:39:06+00:00\",\"dateModified\":\"2023-08-20T16:34:29+00:00\",\"breadcrumb\":{\"@id\":\"https:\/\/www.masvinyoles.org\/fr\/appartements\/#breadcrumb\"},\"inLanguage\":\"fr-FR\",\"potentialAction\":[{\"@type\":\"ReadAction\",\"target\":[\"https:\/\/www.masvinyoles.org\/fr\/appartements\/\"]}]},{\"@type\":\"BreadcrumbList\",\"@id\":\"https:\/\/www.masvinyoles.org\/fr\/appartements\/#breadcrumb\",\"itemListElement\":[{\"@type\":\"ListItem\",\"position\":1,\"name\":\"Inici\",\"item\":\"https:\/\/www.masvinyoles.org\/\"},{\"@type\":\"ListItem\",\"position\":2,\"name\":\"Appartements\"}]},{\"@type\":\"WebSite\",\"@id\":\"https:\/\/www.masvinyoles.org\/#website\",\"url\":\"https:\/\/www.masvinyoles.org\/\",\"name\":\"Mas Vinyoles\",\"description\":\"Tourisme rural \u00e0 Sant Mateu de Montnegre, Girona, Catalunya\",\"publisher\":{\"@id\":\"https:\/\/www.masvinyoles.org\/#organization\"},\"potentialAction\":[{\"@type\":\"SearchAction\",\"target\":{\"@type\":\"EntryPoint\",\"urlTemplate\":\"https:\/\/www.masvinyoles.org\/?s={search_term_string}\"},\"query-input\":\"required name=search_term_string\"}],\"inLanguage\":\"fr-FR\"},{\"@type\":\"Organization\",\"@id\":\"https:\/\/www.masvinyoles.org\/#organization\",\"name\":\"Mas Vinyoles\",\"url\":\"https:\/\/www.masvinyoles.org\/\",\"logo\":{\"@type\":\"ImageObject\",\"inLanguage\":\"fr-FR\",\"@id\":\"https:\/\/www.masvinyoles.org\/#\/schema\/logo\/image\/\",\"url\":\"https:\/\/www.masvinyoles.org\/wp-content\/uploads\/2020\/04\/Logo-Mas-Vinyoles-600px.png\",\"contentUrl\":\"https:\/\/www.masvinyoles.org\/wp-content\/uploads\/2020\/04\/Logo-Mas-Vinyoles-600px.png\",\"width\":600,\"height\":600,\"caption\":\"Mas Vinyoles\"},\"image\":{\"@id\":\"https:\/\/www.masvinyoles.org\/#\/schema\/logo\/image\/\"}}]}<\/script>\n<!-- \/ Yoast SEO plugin. -->","yoast_head_json":{"title":"Appartements | Mas Vinyoles","robots":{"index":"index","follow":"follow","max-snippet":"max-snippet:-1","max-image-preview":"max-image-preview:large","max-video-preview":"max-video-preview:-1"},"canonical":"https:\/\/www.masvinyoles.org\/fr\/appartements\/","og_locale":"fr_FR","og_type":"article","og_title":"Appartements | Mas Vinyoles","og_description":"[vc_row][vc_column][vc_tta_accordion style=\u00a0\u00bbflat\u00a0\u00bb shape=\u00a0\u00bbsquare\u00a0\u00bb color=\u00a0\u00bbviolet\u00a0\u00bb gap=\u00a0\u00bb20&Prime; active_section=\u00a0\u00bb1&Prime; no_fill=\u00a0\u00bbtrue\u00a0\u00bb collapsible_all=\u00a0\u00bbtrue\u00a0\u00bb][vc_tta_section tab_id=\u00a0\u00bballotjament-4-persones\u00a0\u00bb title=\u00a0\u00bbH\u00e9bergement 4 personnes (PG-503)\u00a0\u00bb][vc_row_inner el_class=\u00a0\u00bbsense-marge-inferior\u00a0\u00bb][vc_column_inner el_class=\u00a0\u00bballotjament-text-acordio\u00a0\u00bb width=\u00a0\u00bb1\/2&Prime;][vc_column_text] Mas Vinyoles I L\u2019h\u00e9bergement pour 4 personnes comprend: Deux chambres Deux salles de bain Cuisine-salle \u00e0 manger Salle de s\u00e9jour Petit salon avec chemin\u00e9e &nbsp; [\/vc_column_text][\/vc_column_inner][vc_column_inner width=\u00a0\u00bb1\/2&Prime; enable_animation=\u00a0\u00bbtrue\u00a0\u00bb animation=\u00a0\u00bbflipInX\u00a0\u00bb centered_cont=\u00a0\u00bbtrue\u00a0\u00bb centered_cont_vertical=\u00a0\u00bbtrue\u00a0\u00bb column_padding=\u00a0\u00bb25px\u00a0\u00bb background_color=\u00a0\u00bb#ffff98&Prime; css=\u00a0\u00bb.vc_custom_1442227864423{margin-top: 10px !important;margin-bottom: 15px !important;padding-top: 25px [&hellip;]","og_url":"https:\/\/www.masvinyoles.org\/fr\/appartements\/","og_site_name":"Mas Vinyoles","article_modified_time":"2023-08-20T16:34:29+00:00","og_image":[{"width":1500,"height":687,"url":"https:\/\/www.masvinyoles.org\/wp-content\/uploads\/2015\/04\/Allotjament-casa-inferior-6p-pano.jpg","type":"image\/jpeg"}],"twitter_card":"summary_large_image","twitter_misc":{"Dur\u00e9e de lecture estim\u00e9e":"2 minutes"},"schema":{"@context":"https:\/\/schema.org","@graph":[{"@type":"WebPage","@id":"https:\/\/www.masvinyoles.org\/fr\/appartements\/","url":"https:\/\/www.masvinyoles.org\/fr\/appartements\/","name":"Appartements | Mas Vinyoles","isPartOf":{"@id":"https:\/\/www.masvinyoles.org\/#website"},"datePublished":"2015-04-21T10:39:06+00:00","dateModified":"2023-08-20T16:34:29+00:00","breadcrumb":{"@id":"https:\/\/www.masvinyoles.org\/fr\/appartements\/#breadcrumb"},"inLanguage":"fr-FR","potentialAction":[{"@type":"ReadAction","target":["https:\/\/www.masvinyoles.org\/fr\/appartements\/"]}]},{"@type":"BreadcrumbList","@id":"https:\/\/www.masvinyoles.org\/fr\/appartements\/#breadcrumb","itemListElement":[{"@type":"ListItem","position":1,"name":"Inici","item":"https:\/\/www.masvinyoles.org\/"},{"@type":"ListItem","position":2,"name":"Appartements"}]},{"@type":"WebSite","@id":"https:\/\/www.masvinyoles.org\/#website","url":"https:\/\/www.masvinyoles.org\/","name":"Mas Vinyoles","description":"Tourisme rural \u00e0 Sant Mateu de Montnegre, Girona, Catalunya","publisher":{"@id":"https:\/\/www.masvinyoles.org\/#organization"},"potentialAction":[{"@type":"SearchAction","target":{"@type":"EntryPoint","urlTemplate":"https:\/\/www.masvinyoles.org\/?s={search_term_string}"},"query-input":"required name=search_term_string"}],"inLanguage":"fr-FR"},{"@type":"Organization","@id":"https:\/\/www.masvinyoles.org\/#organization","name":"Mas Vinyoles","url":"https:\/\/www.masvinyoles.org\/","logo":{"@type":"ImageObject","inLanguage":"fr-FR","@id":"https:\/\/www.masvinyoles.org\/#\/schema\/logo\/image\/","url":"https:\/\/www.masvinyoles.org\/wp-content\/uploads\/2020\/04\/Logo-Mas-Vinyoles-600px.png","contentUrl":"https:\/\/www.masvinyoles.org\/wp-content\/uploads\/2020\/04\/Logo-Mas-Vinyoles-600px.png","width":600,"height":600,"caption":"Mas Vinyoles"},"image":{"@id":"https:\/\/www.masvinyoles.org\/#\/schema\/logo\/image\/"}}]}},"_links":{"self":[{"href":"https:\/\/www.masvinyoles.org\/fr\/wp-json\/wp\/v2\/pages\/2343"}],"collection":[{"href":"https:\/\/www.masvinyoles.org\/fr\/wp-json\/wp\/v2\/pages"}],"about":[{"href":"https:\/\/www.masvinyoles.org\/fr\/wp-json\/wp\/v2\/types\/page"}],"author":[{"embeddable":true,"href":"https:\/\/www.masvinyoles.org\/fr\/wp-json\/wp\/v2\/users\/1"}],"replies":[{"embeddable":true,"href":"https:\/\/www.masvinyoles.org\/fr\/wp-json\/wp\/v2\/comments?post=2343"}],"version-history":[{"count":12,"href":"https:\/\/www.masvinyoles.org\/fr\/wp-json\/wp\/v2\/pages\/2343\/revisions"}],"predecessor-version":[{"id":2911,"href":"https:\/\/www.masvinyoles.org\/fr\/wp-json\/wp\/v2\/pages\/2343\/revisions\/2911"}],"wp:featuredmedia":[{"embeddable":true,"href":"https:\/\/www.masvinyoles.org\/fr\/wp-json\/wp\/v2\/media\/1709"}],"wp:attachment":[{"href":"https:\/\/www.masvinyoles.org\/fr\/wp-json\/wp\/v2\/media?parent=2343"}],"curies":[{"name":"wp","href":"https:\/\/api.w.org\/{rel}","templated":true}]}}