{"id":2039,"date":"2015-04-21T16:14:58","date_gmt":"2015-04-21T14:14:58","guid":{"rendered":"http:\/\/masvinyoles.org\/?page_id=2039"},"modified":"2022-01-22T11:04:25","modified_gmt":"2022-01-22T10:04:25","slug":"les-environs","status":"publish","type":"page","link":"https:\/\/www.masvinyoles.org\/fr\/les-environs\/","title":{"rendered":"Les Environs"},"content":{"rendered":"<p>[vc_row][vc_column][vc_tta_accordion style=\u00a0\u00bbflat\u00a0\u00bb shape=\u00a0\u00bbsquare\u00a0\u00bb color=\u00a0\u00bbviolet\u00a0\u00bb gap=\u00a0\u00bb20&Prime; active_section=\u00a0\u00bb1&Prime; no_fill=\u00a0\u00bbtrue\u00a0\u00bb collapsible_all=\u00a0\u00bbtrue\u00a0\u00bb][vc_tta_section title=\u00a0\u00bbA prop de la Maison\u00a0\u00bb tab_id=\u00a0\u00bbentorn\u00a0\u00bb][vc_row_inner][vc_column_inner][vc_column_text]Vous n\u2019avez pas besoin d\u2019aller loin pour <strong>jouir de la nature, explorer, descouvrir et aprendre au l\u2019air de la campagne<\/strong>, ou soit a l\u2019hort, au for\u00eat ou avec les animaux que vous trouvez a Mas Vinyoles.[\/vc_column_text][vc_gallery type=\u00a0\u00bbnivo\u00a0\u00bb interval=\u00a0\u00bb5&Prime; images=\u00a0\u00bb1381,1537,1425,1365,1441,1465,1812,1417,1437,1433,1445,1397&Prime; img_size=\u00a0\u00bbfull\u00a0\u00bb][\/vc_column_inner][\/vc_row_inner][\/vc_tta_section][vc_tta_section title=\u00a0\u00bbLe Jardin et la piscine\u00a0\u00bb tab_id=\u00a0\u00bbjardi\u00a0\u00bb][vc_row_inner][vc_column_inner][vc_column_text]<strong>Le jardin accueillant et tranquille<\/strong> est l\u2019endroit id\u00e9al pour commencer la journ\u00e9e avec un bon petit d\u00e9jeuner. <strong>La v\u00e9randa<\/strong> est le lieu parfait pour se pr\u00e9lasser au calme. Et quand la chaleur est grande, vous pourrez vous <strong>rafra\u00eechir dans la piscine<\/strong>. Dans les alentours, des chemins invitent \u00e0 se promener au c\u0153ur de la <strong>nature.<\/strong>[\/vc_column_text][vc_gallery type=\u00a0\u00bbnivo\u00a0\u00bb interval=\u00a0\u00bb5&Prime; images=\u00a0\u00bb1533,1373,1823,1413,1369,1818,1393&Prime; img_size=\u00a0\u00bbfull\u00a0\u00bb][\/vc_column_inner][\/vc_row_inner][\/vc_tta_section][vc_tta_section title=\u00a0\u00bbAu coeur de Les Gavarres\u00a0\u00bb tab_id=\u00a0\u00bbgavarres\u00a0\u00bb][vc_row_inner][vc_column_inner][vc_column_text]Le <strong>massif \u201cLes Gavarres\u201d se situe entre Girona et la Costa Brava<\/strong>. Ce paysage de f\u00f4rets couvre une surface de 350 km2 et s\u2019\u00e9tend sur une vingtaine de communes.\u00a0Le massif comprend d\u2019importantes ressources foresti\u00e8res telles que des exemplaires mod\u00e8les de ch\u00eanes-li\u00e8ges et de pins ainsi qu\u2019une <strong>r\u00e9serve extraordinaire de flore et faune m\u00e9diterran\u00e9enne<\/strong> avec plsuieurs esp\u00e8ces singuli\u00e8res.\u00a0En 1992, 28,740 hectares du massif ont \u00e9t\u00e9 class\u00e9s<strong> site naturel prot\u00e9g\u00e9 afin de pr\u00e9server ses valeurs culturelles, sociales et paysag\u00e8res<\/strong>.[\/vc_column_text][vc_gallery type=\u00a0\u00bbnivo\u00a0\u00bb interval=\u00a0\u00bb5&Prime; images=\u00a0\u00bb1457,1807,1453,1621,1629,1549,1461&Prime; img_size=\u00a0\u00bbfull\u00a0\u00bb][\/vc_column_inner][\/vc_row_inner][\/vc_tta_section][vc_tta_section title=\u00a0\u00bbActivit\u00e9s de loisirs et sportives\u00a0\u00bb tab_id=\u00a0\u00bbactivitats\u00a0\u00bb][vc_row_inner][vc_column_inner][vc_column_text]<strong>La Costa Brava<\/strong>, un littoral d\u2019une longueur de plus de 200 kilom\u00e8tres, s\u2019\u00e9tend depuis l\u2019embouchure du fleuve Tordera (Blanes) jusqu\u2019\u00e0 la fronti\u00e8re fran\u00e7aise. C\u2019\u00e9tait le journaliste et auteur Ferran Agull\u00f3 qui a utilis\u00e9e en 1907 pour la premi\u00e8re fois cette appellation dans un article d\u2019un quotidien catalan pour d\u00e9nommer ce tron\u00e7on rocheux et escarp\u00e9 de la c\u00f4te catalane. Parmi les attraits naturels qu\u2019offre la Costa Brava se singularisent les <strong>\u00celes Medas<\/strong> et le mar\u00e9cage d\u2019<strong>Aiguamolls de l\u2019Empord\u00e0<\/strong>, l\u2019objective plus aim\u00e9 des ornitologues.<\/p>\n<p><strong>Girona<\/strong>, la pittoresque capitale de province, vous offre l\u2019impresionat \u201ccall jueu\u201d, la catedral et les jolies maison d\u2019Onyar. <strong>Figueres<\/strong> avec son <strong>mus\u00e9e Dal\u00ed<\/strong>\u00a0est \u00e0 prop, Barcelona est a une heur en voiture.[\/vc_column_text][vc_media_grid element_width=\u00a0\u00bb3&Prime; item=\u00a0\u00bb2025&Prime; filter_size=\u00a0\u00bbmd\u00a0\u00bb include=\u00a0\u00bb1577,1609,1613,1593,1585,1605,1553,1581,1557,1569,1565,1589,1601,1561,1597,1617&Prime; grid_id=\u00a0\u00bbvc_gid:1642844718945-eaf7612e-b16a-10&Prime;][\/vc_column_inner][\/vc_row_inner][\/vc_tta_section][\/vc_tta_accordion][\/vc_column][\/vc_row]<\/p>\n","protected":false},"excerpt":{"rendered":"<p>[vc_row][vc_column][vc_tta_accordion style=\u00a0\u00bbflat\u00a0\u00bb shape=\u00a0\u00bbsquare\u00a0\u00bb color=\u00a0\u00bbviolet\u00a0\u00bb gap=\u00a0\u00bb20&Prime; active_section=\u00a0\u00bb1&Prime; no_fill=\u00a0\u00bbtrue\u00a0\u00bb collapsible_all=\u00a0\u00bbtrue\u00a0\u00bb][vc_tta_section title=\u00a0\u00bbA prop de la Maison\u00a0\u00bb tab_id=\u00a0\u00bbentorn\u00a0\u00bb][vc_row_inner][vc_column_inner][vc_column_text]Vous n\u2019avez pas besoin d\u2019aller loin pour jouir de la nature, explorer, descouvrir et aprendre au l\u2019air de la campagne, ou soit a l\u2019hort, au for\u00eat ou avec les animaux que vous trouvez a Mas Vinyoles.[\/vc_column_text][vc_gallery type=\u00a0\u00bbnivo\u00a0\u00bb interval=\u00a0\u00bb5&Prime; images=\u00a0\u00bb1381,1537,1425,1365,1441,1465,1812,1417,1437,1433,1445,1397&Prime; img_size=\u00a0\u00bbfull\u00a0\u00bb][\/vc_column_inner][\/vc_row_inner][\/vc_tta_section][vc_tta_section title=\u00a0\u00bbLe Jardin [&hellip;]<\/p>\n","protected":false},"author":1,"featured_media":1457,"parent":0,"menu_order":15,"comment_status":"open","ping_status":"open","template":"","meta":[],"yoast_head":"<!-- This site is optimized with the Yoast SEO plugin v19.13 - https:\/\/yoast.com\/wordpress\/plugins\/seo\/ -->\n<title>Les Environs | Mas Vinyoles<\/title>\n<meta name=\"robots\" content=\"index, follow, max-snippet:-1, max-image-preview:large, max-video-preview:-1\" \/>\n<link rel=\"canonical\" href=\"https:\/\/www.masvinyoles.org\/entorn\/\" \/>\n<meta property=\"og:locale\" content=\"fr_FR\" \/>\n<meta property=\"og:type\" content=\"article\" \/>\n<meta property=\"og:title\" content=\"Les Environs | Mas Vinyoles\" \/>\n<meta property=\"og:description\" content=\"[vc_row][vc_column][vc_tta_accordion style=\u00a0\u00bbflat\u00a0\u00bb shape=\u00a0\u00bbsquare\u00a0\u00bb color=\u00a0\u00bbviolet\u00a0\u00bb gap=\u00a0\u00bb20&Prime; active_section=\u00a0\u00bb1&Prime; no_fill=\u00a0\u00bbtrue\u00a0\u00bb collapsible_all=\u00a0\u00bbtrue\u00a0\u00bb][vc_tta_section title=\u00a0\u00bbA prop de la Maison\u00a0\u00bb tab_id=\u00a0\u00bbentorn\u00a0\u00bb][vc_row_inner][vc_column_inner][vc_column_text]Vous n\u2019avez pas besoin d\u2019aller loin pour jouir de la nature, explorer, descouvrir et aprendre au l\u2019air de la campagne, ou soit a l\u2019hort, au for\u00eat ou avec les animaux que vous trouvez a Mas Vinyoles.[\/vc_column_text][vc_gallery type=\u00a0\u00bbnivo\u00a0\u00bb interval=\u00a0\u00bb5&Prime; images=\u00a0\u00bb1381,1537,1425,1365,1441,1465,1812,1417,1437,1433,1445,1397&Prime; img_size=\u00a0\u00bbfull\u00a0\u00bb][\/vc_column_inner][\/vc_row_inner][\/vc_tta_section][vc_tta_section title=\u00a0\u00bbLe Jardin [&hellip;]\" \/>\n<meta property=\"og:url\" content=\"https:\/\/www.masvinyoles.org\/entorn\/\" \/>\n<meta property=\"og:site_name\" content=\"Mas Vinyoles\" \/>\n<meta property=\"article:modified_time\" content=\"2022-01-22T10:04:25+00:00\" \/>\n<meta property=\"og:image\" content=\"https:\/\/www.masvinyoles.org\/wp-content\/uploads\/2015\/04\/inici-slider-1200x500px_0002_20-alcornoque.jpg\" \/>\n\t<meta property=\"og:image:width\" content=\"1200\" \/>\n\t<meta property=\"og:image:height\" content=\"500\" \/>\n\t<meta property=\"og:image:type\" content=\"image\/jpeg\" \/>\n<meta name=\"twitter:card\" content=\"summary_large_image\" \/>\n<meta name=\"twitter:label1\" content=\"Dur\u00e9e de lecture estim\u00e9e\" \/>\n\t<meta name=\"twitter:data1\" content=\"3 minutes\" \/>\n<script type=\"application\/ld+json\" class=\"yoast-schema-graph\">{\"@context\":\"https:\/\/schema.org\",\"@graph\":[{\"@type\":\"WebPage\",\"@id\":\"https:\/\/www.masvinyoles.org\/entorn\/\",\"url\":\"https:\/\/www.masvinyoles.org\/entorn\/\",\"name\":\"Les Environs | Mas Vinyoles\",\"isPartOf\":{\"@id\":\"https:\/\/www.masvinyoles.org\/#website\"},\"datePublished\":\"2015-04-21T14:14:58+00:00\",\"dateModified\":\"2022-01-22T10:04:25+00:00\",\"breadcrumb\":{\"@id\":\"https:\/\/www.masvinyoles.org\/entorn\/#breadcrumb\"},\"inLanguage\":\"fr-FR\",\"potentialAction\":[{\"@type\":\"ReadAction\",\"target\":[\"https:\/\/www.masvinyoles.org\/entorn\/\"]}]},{\"@type\":\"BreadcrumbList\",\"@id\":\"https:\/\/www.masvinyoles.org\/entorn\/#breadcrumb\",\"itemListElement\":[{\"@type\":\"ListItem\",\"position\":1,\"name\":\"Inici\",\"item\":\"https:\/\/www.masvinyoles.org\/\"},{\"@type\":\"ListItem\",\"position\":2,\"name\":\"Les Environs\"}]},{\"@type\":\"WebSite\",\"@id\":\"https:\/\/www.masvinyoles.org\/#website\",\"url\":\"https:\/\/www.masvinyoles.org\/\",\"name\":\"Mas Vinyoles\",\"description\":\"Tourisme rural \u00e0 Sant Mateu de Montnegre, Girona, Catalunya\",\"publisher\":{\"@id\":\"https:\/\/www.masvinyoles.org\/#organization\"},\"potentialAction\":[{\"@type\":\"SearchAction\",\"target\":{\"@type\":\"EntryPoint\",\"urlTemplate\":\"https:\/\/www.masvinyoles.org\/?s={search_term_string}\"},\"query-input\":\"required name=search_term_string\"}],\"inLanguage\":\"fr-FR\"},{\"@type\":\"Organization\",\"@id\":\"https:\/\/www.masvinyoles.org\/#organization\",\"name\":\"Mas Vinyoles\",\"url\":\"https:\/\/www.masvinyoles.org\/\",\"logo\":{\"@type\":\"ImageObject\",\"inLanguage\":\"fr-FR\",\"@id\":\"https:\/\/www.masvinyoles.org\/#\/schema\/logo\/image\/\",\"url\":\"https:\/\/www.masvinyoles.org\/wp-content\/uploads\/2020\/04\/Logo-Mas-Vinyoles-600px.png\",\"contentUrl\":\"https:\/\/www.masvinyoles.org\/wp-content\/uploads\/2020\/04\/Logo-Mas-Vinyoles-600px.png\",\"width\":600,\"height\":600,\"caption\":\"Mas Vinyoles\"},\"image\":{\"@id\":\"https:\/\/www.masvinyoles.org\/#\/schema\/logo\/image\/\"}}]}<\/script>\n<!-- \/ Yoast SEO plugin. -->","yoast_head_json":{"title":"Les Environs | Mas Vinyoles","robots":{"index":"index","follow":"follow","max-snippet":"max-snippet:-1","max-image-preview":"max-image-preview:large","max-video-preview":"max-video-preview:-1"},"canonical":"https:\/\/www.masvinyoles.org\/entorn\/","og_locale":"fr_FR","og_type":"article","og_title":"Les Environs | Mas Vinyoles","og_description":"[vc_row][vc_column][vc_tta_accordion style=\u00a0\u00bbflat\u00a0\u00bb shape=\u00a0\u00bbsquare\u00a0\u00bb color=\u00a0\u00bbviolet\u00a0\u00bb gap=\u00a0\u00bb20&Prime; active_section=\u00a0\u00bb1&Prime; no_fill=\u00a0\u00bbtrue\u00a0\u00bb collapsible_all=\u00a0\u00bbtrue\u00a0\u00bb][vc_tta_section title=\u00a0\u00bbA prop de la Maison\u00a0\u00bb tab_id=\u00a0\u00bbentorn\u00a0\u00bb][vc_row_inner][vc_column_inner][vc_column_text]Vous n\u2019avez pas besoin d\u2019aller loin pour jouir de la nature, explorer, descouvrir et aprendre au l\u2019air de la campagne, ou soit a l\u2019hort, au for\u00eat ou avec les animaux que vous trouvez a Mas Vinyoles.[\/vc_column_text][vc_gallery type=\u00a0\u00bbnivo\u00a0\u00bb interval=\u00a0\u00bb5&Prime; images=\u00a0\u00bb1381,1537,1425,1365,1441,1465,1812,1417,1437,1433,1445,1397&Prime; img_size=\u00a0\u00bbfull\u00a0\u00bb][\/vc_column_inner][\/vc_row_inner][\/vc_tta_section][vc_tta_section title=\u00a0\u00bbLe Jardin [&hellip;]","og_url":"https:\/\/www.masvinyoles.org\/entorn\/","og_site_name":"Mas Vinyoles","article_modified_time":"2022-01-22T10:04:25+00:00","og_image":[{"width":1200,"height":500,"url":"https:\/\/www.masvinyoles.org\/wp-content\/uploads\/2015\/04\/inici-slider-1200x500px_0002_20-alcornoque.jpg","type":"image\/jpeg"}],"twitter_card":"summary_large_image","twitter_misc":{"Dur\u00e9e de lecture estim\u00e9e":"3 minutes"},"schema":{"@context":"https:\/\/schema.org","@graph":[{"@type":"WebPage","@id":"https:\/\/www.masvinyoles.org\/entorn\/","url":"https:\/\/www.masvinyoles.org\/entorn\/","name":"Les Environs | Mas Vinyoles","isPartOf":{"@id":"https:\/\/www.masvinyoles.org\/#website"},"datePublished":"2015-04-21T14:14:58+00:00","dateModified":"2022-01-22T10:04:25+00:00","breadcrumb":{"@id":"https:\/\/www.masvinyoles.org\/entorn\/#breadcrumb"},"inLanguage":"fr-FR","potentialAction":[{"@type":"ReadAction","target":["https:\/\/www.masvinyoles.org\/entorn\/"]}]},{"@type":"BreadcrumbList","@id":"https:\/\/www.masvinyoles.org\/entorn\/#breadcrumb","itemListElement":[{"@type":"ListItem","position":1,"name":"Inici","item":"https:\/\/www.masvinyoles.org\/"},{"@type":"ListItem","position":2,"name":"Les Environs"}]},{"@type":"WebSite","@id":"https:\/\/www.masvinyoles.org\/#website","url":"https:\/\/www.masvinyoles.org\/","name":"Mas Vinyoles","description":"Tourisme rural \u00e0 Sant Mateu de Montnegre, Girona, Catalunya","publisher":{"@id":"https:\/\/www.masvinyoles.org\/#organization"},"potentialAction":[{"@type":"SearchAction","target":{"@type":"EntryPoint","urlTemplate":"https:\/\/www.masvinyoles.org\/?s={search_term_string}"},"query-input":"required name=search_term_string"}],"inLanguage":"fr-FR"},{"@type":"Organization","@id":"https:\/\/www.masvinyoles.org\/#organization","name":"Mas Vinyoles","url":"https:\/\/www.masvinyoles.org\/","logo":{"@type":"ImageObject","inLanguage":"fr-FR","@id":"https:\/\/www.masvinyoles.org\/#\/schema\/logo\/image\/","url":"https:\/\/www.masvinyoles.org\/wp-content\/uploads\/2020\/04\/Logo-Mas-Vinyoles-600px.png","contentUrl":"https:\/\/www.masvinyoles.org\/wp-content\/uploads\/2020\/04\/Logo-Mas-Vinyoles-600px.png","width":600,"height":600,"caption":"Mas Vinyoles"},"image":{"@id":"https:\/\/www.masvinyoles.org\/#\/schema\/logo\/image\/"}}]}},"_links":{"self":[{"href":"https:\/\/www.masvinyoles.org\/fr\/wp-json\/wp\/v2\/pages\/2039"}],"collection":[{"href":"https:\/\/www.masvinyoles.org\/fr\/wp-json\/wp\/v2\/pages"}],"about":[{"href":"https:\/\/www.masvinyoles.org\/fr\/wp-json\/wp\/v2\/types\/page"}],"author":[{"embeddable":true,"href":"https:\/\/www.masvinyoles.org\/fr\/wp-json\/wp\/v2\/users\/1"}],"replies":[{"embeddable":true,"href":"https:\/\/www.masvinyoles.org\/fr\/wp-json\/wp\/v2\/comments?post=2039"}],"version-history":[{"count":14,"href":"https:\/\/www.masvinyoles.org\/fr\/wp-json\/wp\/v2\/pages\/2039\/revisions"}],"predecessor-version":[{"id":2601,"href":"https:\/\/www.masvinyoles.org\/fr\/wp-json\/wp\/v2\/pages\/2039\/revisions\/2601"}],"wp:featuredmedia":[{"embeddable":true,"href":"https:\/\/www.masvinyoles.org\/fr\/wp-json\/wp\/v2\/media\/1457"}],"wp:attachment":[{"href":"https:\/\/www.masvinyoles.org\/fr\/wp-json\/wp\/v2\/media?parent=2039"}],"curies":[{"name":"wp","href":"https:\/\/api.w.org\/{rel}","templated":true}]}}